{"id":31549,"date":"2021-05-20T06:50:05","date_gmt":"2021-05-20T04:50:05","guid":{"rendered":"https:\/\/kdeco.sk\/ochrana-sukromia\/"},"modified":"2024-10-24T09:53:05","modified_gmt":"2024-10-24T07:53:05","slug":"gdpr-en","status":"publish","type":"page","link":"https:\/\/kdeco.sk\/gdpr-en\/?lang=en","title":{"rendered":"Z\u00e1sady a pravidl\u00e1 ochrany osobn\u00fdch \u00fadajov"},"content":{"rendered":"\n<h4>1. V\u0161eobecn\u00e9 ustanovenia<\/h4>\n\n\n\n<p>Prev\u00e1dzkovate\u013eom web str\u00e1nky <a href=\"http:\/\/www.kdeco.sk\/\">www.kdeco.sk<\/a> je neziskov\u00e1 organiz\u00e1cia:<\/p>\n\n\n\n<p>Oblastn\u00e1 organiz\u00e1cia cestovn\u00e9ho ruchu \u017ditn\u00fd ostrov \u2013 Csall\u00f3k\u00f6z so s\u00eddlom: Promen\u00e1dna 3221\/20, 932 01 Ve\u013ek\u00fd Meder, I\u010cO: 42 288 967, registr\u00e1cia: Ministerstvo dopravy a v\u00fdstavby Slovenskej republiky, sekcia cestovn\u00e9ho ruchu, registra\u010dn\u00e9 \u010d\u00edslo: 09385\/2012\/SCR<\/p>\n\n\n\n<p>( \u010falej len ako \u201e Prev\u00e1dzkovate\u013e \u201c).<\/p>\n\n\n\n<p>Prev\u00e1dzkovate\u013e zhroma\u017e\u010fuje, spracov\u00e1va a pou\u017e\u00edva osobn\u00e9 \u00fadaje v s\u00falade Nariaden\u00edm Eur\u00f3pskeho parlamentu a rady (E\u00da) 2016\/679 z 27.04.2016 o ochrane fyzick\u00fdch os\u00f4b pri sprac\u00favan\u00ed osobn\u00fdch \u00fadajov a o vo\u013enom pohybe tak\u00fdchto \u00fadajov a z\u00e1kona \u010d. 18\/2018 Z. z. o ochrane osobn\u00fdch \u00fadajov v znen\u00ed neskor\u0161\u00edch zmien, a rob\u00ed v\u0161etko, \u010do je potrebn\u00e9, aby zabezpe\u010dil s\u00falad s t\u00fdmito pr\u00e1vnymi predpismi.<\/p>\n\n\n\n<p>Tieto pravidl\u00e1 ochrany osobn\u00fdch \u00fadajov sme vypracovali, aby sme v\u00e1m poskytli inform\u00e1cie o tom, ako sprac\u00favame va\u0161e osobn\u00e9 \u00fadaje ak nav\u0161t\u00edvite str\u00e1nku <a href=\"http:\/\/www.kdeco.sk\/\">www.kdeco.sk<\/a> z po\u010d\u00edta\u010da, tabletu alebo v\u00e1\u0161ho mobiln\u00e9ho zariadenia a poskytnete n\u00e1m inform\u00e1cie za \u00fa\u010delom ich zverejnenia alebo ke\u010f sa zaregistrujete na na\u0161ej web str\u00e1nke.<\/p>\n\n\n\n<div style=\"height:47px\" aria-hidden=\"true\" class=\"wp-block-spacer\"><\/div>\n\n\n\n<h4>2. Zber, vyu\u017e\u00edvanie a spracovanie osobn\u00fdch \u00fadajov<\/h4>\n\n\n\n<p>Osobn\u00e9 \u00fadaje s\u00fa inform\u00e1cie vz\u0165ahuj\u00face sa na fyzick\u00fa osobu, ktorej toto\u017enos\u0165 je zn\u00e1ma alebo sa d\u00e1 zisti\u0165.<\/p>\n\n\n\n<p>Ke\u010f kontaktujete n\u00e1s e-mailom, telefonicky alebo online zhroma\u017e\u010fujeme osobn\u00e9 \u00fadaje ako va\u0161e meno, priezvisko, telef\u00f3nne \u010d\u00edslo, e-mailov\u00fa adresu na \u00fa\u010dely \u010fal\u0161ej komunik\u00e1cie s vami.<\/p>\n\n\n\n<p>Pr\u00e1vnym z\u00e1kladom na spracovanie va\u0161ej e-mailovej adresy a telef\u00f3nneho \u010d\u00edsla na tieto \u00fa\u010dely je legit\u00edmny z\u00e1ujem Prev\u00e1dzkovate\u013ea poskytova\u0165 v\u00e1m \u017eiadan\u00e9 inform\u00e1cie, zabezpe\u010dova\u0165 zverejnenie vami poskytovan\u00fdch inform\u00e1ci\u00ed a poskytn\u00fa\u0165 v\u00e1m aj \u010fal\u0161\u00edm z\u00e1kazn\u00edkom, kvalitn\u00e9 a overen\u00e9 slu\u017eby.<\/p>\n\n\n\n<p>Ak udel\u00edte s\u00fahlas s doru\u010dovan\u00edm marketingov\u00fdch inform\u00e1ci\u00ed a newslettera od Prev\u00e1dzkovate\u013ea, spracujeme va\u0161u e-mailov\u00fa adresu aj na \u00fa\u010dely odosielania marketingov\u00fdch inform\u00e1ci\u00ed a newslettera o r\u00f4znych produktoch\/slu\u017eb\u00e1ch pon\u00fakan\u00fdch prostredn\u00edctvom web str\u00e1nky Prev\u00e1dzkovate\u013ea. Pr\u00e1vnym z\u00e1kladom na spracovanie va\u0161ej e-mailovej adresy na tento \u00fa\u010del je v\u00e1\u0161 s\u00fahlas. V\u00e1\u0161 s\u00fahlas m\u00f4\u017eete kedyko\u013evek odvola\u0165 prostredn\u00edctvom odkazu na zru\u0161enie odberu v spodnej \u010dasti na\u0161ich marketingov\u00fdch e-mailov, alebo kontaktovan\u00edm Prev\u00e1dzkovate\u013ea na adrese: <a href=\"mailto:info@ostrovzitny.sk\">info@ostrovzitny.sk <\/a>.<\/p>\n\n\n\n<div style=\"height:47px\" aria-hidden=\"true\" class=\"wp-block-spacer\"><\/div>\n\n\n\n<h4>3. Bezpe\u010dnos\u0165<\/h4>\n\n\n\n<p>Prev\u00e1dzkovate\u013e uchov\u00e1va Va\u0161e \u00fadaje v bezpe\u010d\u00ed a pr\u00edstup k osobn\u00fdm \u00fadajom maj\u00fa len opr\u00e1vnen\u00e9 a pou\u010den\u00e9 osoby. Zabezpe\u010dujeme bezpe\u010dn\u00e9 IT prostredie a m\u00e1me prijat\u00e9 potrebn\u00e9 opatrenia na zamedzenie \u00faniku osobn\u00fdch \u00fadajov, ktor\u00e9 z\u00edskame a sprac\u00favame.<\/p>\n\n\n\n<p>Va\u0161e osobn\u00e9 \u00fadaje poskytneme tretej osobe v\u00fdhradne vtedy, ak k tomu budeme n\u00faten\u00ed s\u00fadnym rozhodnut\u00edm alebo in\u00fdm rozhodnut\u00edm verejnej moci.<\/p>\n\n\n\n<p>Va\u0161e osobn\u00e9 \u00fadaje budeme uchov\u00e1va\u0165, k\u00fdm bude trva\u0165 udelenie V\u00e1\u0161ho s\u00fahlasu, k\u00fdm budeme ma\u0165 opr\u00e1vnen\u00fd z\u00e1ujem na ich uchovan\u00ed alebo k\u00fdm n\u00e1m \u00fa\u010dinn\u00e1 legislat\u00edva tak\u00fato povinnos\u0165 ulo\u017e\u00ed. Po uplynut\u00ed stanovenej reten\u010dnej doby uchovania osobn\u00fdch \u00fadajov sa Va\u0161e osobn\u00e9 \u00fadaje zlikviduj\u00fa.<\/p>\n\n\n\n<p>Ni\u017e\u0161ie v \u010dasti \u201eVa\u0161e pr\u00e1va\u201c je pop\u00edsan\u00e9 va\u0161e pr\u00e1vo na vymazanie \u00fadajov.<\/p>\n\n\n\n<div style=\"height:47px\" aria-hidden=\"true\" class=\"wp-block-spacer\"><\/div>\n\n\n\n<h4>4. Va\u0161e n\u00e1vrhy\/pripomienky, Osoba zodpovedn\u00e1 za ochranu osobn\u00fdch \u00fadajov<\/h4>\n\n\n\n<p>Prev\u00e1dzkovate\u013e zlikviduje uchov\u00e1van\u00e9 \u00fadaje po uplynut\u00ed doby ur\u010denej z\u00e1konom alebo udelen\u00fdm s\u00fahlasom. Samozrejme, kedyko\u013evek m\u00f4\u017eete po\u017eiada\u0165 o likvid\u00e1ciu Va\u0161ich \u00fadajov. Ste opr\u00e1vnen\u00fd kedyko\u013evek odvola\u0165 V\u00e1\u0161 s\u00fahlas na spracovanie alebo vyu\u017e\u00edvanie Va\u0161ich osobn\u00fdch \u00fadajov s \u00fa\u010dinkami do bud\u00facnosti. V t\u00fdchto pr\u00edpadoch, alebo ak m\u00e1te ak\u00e9ko\u013evek in\u00e9 n\u00e1vrhy v s\u00favislosti s Va\u0161imi osobn\u00fdmi \u00fadajmi, pros\u00edme, po\u0161lite list na adresu s\u00eddla Prev\u00e1dzkovate\u013ea alebo email na adresu: <a href=\"mailto:info@ostrovzitny.sk\">info@ostrovzitny.sk <\/a>.<\/p>\n\n\n\n<p>Z\u00e1rove\u0148 n\u00e1s pros\u00edm kontaktujte uvedenou cestou, ak chcete zisti\u0165, \u010di sme Va\u0161e \u00fadaje uchovali, a ak \u00e1no, ak\u00e9. Vynasna\u017e\u00edme sa Va\u0161e po\u017eiadavky vybavi\u0165 obratom.<\/p>\n\n\n\n<div style=\"height:47px\" aria-hidden=\"true\" class=\"wp-block-spacer\"><\/div>\n\n\n\n<h4>5. Pou\u010denie o pr\u00e1vach dotknutej osoby<\/h4>\n\n\n\n<p>Dotknut\u00e1 osoba m\u00e1 pr\u00e1vo z\u00edska\u0165 od prev\u00e1dzkovate\u013ea potvrdenie o tom, \u010di sa sprac\u00favaj\u00fa osobn\u00e9 \u00fadaje, ktor\u00e9 sa jej t\u00fdkaj\u00fa. Ak prev\u00e1dzkovate\u013e tak\u00e9to osobn\u00e9 \u00fadaje sprac\u00fava, dotknut\u00e1 osoba m\u00e1 pr\u00e1vo z\u00edska\u0165 pr\u00edstup k t\u00fdmto osobn\u00fdm \u00fadajom a inform\u00e1cie o:<\/p>\n\n\n\n<ul><li>\u00fa\u010dele sprac\u00favania osobn\u00fdch \u00fadajov,<\/li><li>kateg\u00f3rii sprac\u00favan\u00fdch osobn\u00fdch \u00fadajov,<\/li><li>identifik\u00e1cii pr\u00edjemcu alebo o kateg\u00f3rii pr\u00edjemcu, ktor\u00e9mu boli alebo maj\u00fa by\u0165 osobn\u00e9 \u00fadaje poskytnut\u00e9, najm\u00e4 o pr\u00edjemcovi v tretej krajine alebo o medzin\u00e1rodnej organiz\u00e1cii, ak je to mo\u017en\u00e9,<\/li><li>dobe uchov\u00e1vania osobn\u00fdch \u00fadajov; ak to nie je mo\u017en\u00e9, inform\u00e1ciu o krit\u00e9ri\u00e1ch jej ur\u010denia,<\/li><li>pr\u00e1ve po\u017eadova\u0165 od prev\u00e1dzkovate\u013ea opravu osobn\u00fdch \u00fadajov t\u00fdkaj\u00facich sa dotknutej osoby, ich vymazanie alebo obmedzenie ich sprac\u00favania, alebo o pr\u00e1ve namieta\u0165 sprac\u00favanie osobn\u00fdch \u00fadajov,<\/li><li>pr\u00e1ve poda\u0165 n\u00e1vrh na za\u010datie konania pod\u013ea,<\/li><li>zdroji osobn\u00fdch \u00fadajov, ak sa osobn\u00e9 \u00fadaje nez\u00edskali od dotknutej osoby,<\/li><li>existencii automatizovan\u00e9ho individu\u00e1lneho rozhodovania vr\u00e1tane profilovania.<\/li><\/ul>\n\n\n\n<p>Dotknut\u00e1 osoba m\u00e1 pr\u00e1vo na to, aby prev\u00e1dzkovate\u013e bez zbyto\u010dn\u00e9ho odkladu opravil nespr\u00e1vne osobn\u00e9 \u00fadaje, ktor\u00e9 sa jej t\u00fdkaj\u00fa. So zrete\u013eom na \u00fa\u010del sprac\u00favania osobn\u00fdch \u00fadajov m\u00e1 dotknut\u00e1 osoba pr\u00e1vo na doplnenie ne\u00fapln\u00fdch osobn\u00fdch \u00fadajov. Dotknut\u00e1 osoba m\u00e1 pr\u00e1vo na to, aby prev\u00e1dzkovate\u013e bez zbyto\u010dn\u00e9ho odkladu vymazal osobn\u00e9 \u00fadaje, ktor\u00e9 sa jej t\u00fdkaj\u00fa, ak:<\/p>\n\n\n\n<ul><li>osobn\u00e9 \u00fadaje u\u017e nie s\u00fa potrebn\u00e9 na \u00fa\u010del, na ktor\u00fd sa z\u00edskali alebo inak sprac\u00favali,<\/li><li>dotknut\u00e1 osoba odvol\u00e1 s\u00fahlas, na z\u00e1klade ktor\u00e9ho sa sprac\u00favanie osobn\u00fdch \u00fadajov vykon\u00e1va, a neexistuje in\u00fd pr\u00e1vny z\u00e1klad pre sprac\u00favanie osobn\u00fdch \u00fadajov,<\/li><li>dotknut\u00e1 osoba namieta sprac\u00favanie osobn\u00fdch \u00fadajov a nepreva\u017euj\u00fa \u017eiadne opr\u00e1vnen\u00e9 d\u00f4vody na sprac\u00favanie osobn\u00fdch \u00fadajov<\/li><li>osobn\u00e9 \u00fadaje sa sprac\u00favaj\u00fa nez\u00e1konne.<\/li><\/ul>\n\n\n\n<p>Dotknut\u00e1 osoba m\u00e1 pr\u00e1vo na to, aby prev\u00e1dzkovate\u013e obmedzil sprac\u00favanie osobn\u00fdch \u00fadajov, ak:<\/p>\n\n\n\n<ul><li>dotknut\u00e1 osoba namieta spr\u00e1vnos\u0165 osobn\u00fdch \u00fadajov, a to po\u010das obdobia umo\u017e\u0148uj\u00faceho prev\u00e1dzkovate\u013eovi overi\u0165 spr\u00e1vnos\u0165 osobn\u00fdch \u00fadajov,<\/li><\/ul>\n\n\n\n<ul><li>sprac\u00favanie osobn\u00fdch \u00fadajov je nez\u00e1konn\u00e9 a dotknut\u00e1 osoba namieta vymazanie osobn\u00fdch \u00fadajov a \u017eiada namiesto toho obmedzenie ich pou\u017eitia,<\/li><li>prev\u00e1dzkovate\u013e u\u017e nepotrebuje osobn\u00e9 \u00fadaje na \u00fa\u010del sprac\u00favania osobn\u00fdch \u00fadajov, ale potrebuje ich dotknut\u00e1 osoba na uplatnenie pr\u00e1vneho n\u00e1roku, alebo<\/li><li>dotknut\u00e1 osoba namieta sprac\u00favanie osobn\u00fdch \u00fadajov.<\/li><\/ul>\n\n\n\n<p>Dotknut\u00e1 osoba m\u00e1 pr\u00e1vo z\u00edska\u0165 osobn\u00e9 \u00fadaje, ktor\u00e9 sa jej t\u00fdkaj\u00fa a ktor\u00e9 poskytla prev\u00e1dzkovate\u013eovi, v \u0161trukt\u00farovanom, be\u017ene pou\u017e\u00edvanom a strojovo \u010ditate\u013enom form\u00e1te a m\u00e1 pr\u00e1vo prenies\u0165 tieto osobn\u00e9 \u00fadaje \u010fal\u0161iemu prev\u00e1dzkovate\u013eovi, ak je to technicky mo\u017en\u00e9. Pr\u00e1vo na prenosnos\u0165 sa nevz\u0165ahuje na sprac\u00favanie osobn\u00fdch \u00fadajov nevyhnutn\u00e9 na splnenie \u00falohy realizovanej vo verejnom z\u00e1ujme alebo pri v\u00fdkone verejnej moci zverenej prev\u00e1dzkovate\u013eovi.<\/p>\n\n\n\n<p>Dotknut\u00e1 osoba m\u00e1 pr\u00e1vo namieta\u0165 sprac\u00favanie jej osobn\u00fdch \u00fadajov z d\u00f4vodu t\u00fdkaj\u00faceho sa jej konkr\u00e9tnej situ\u00e1cie vykon\u00e1van\u00e9 v r\u00e1mci opr\u00e1vnen\u00e9ho z\u00e1ujmu prev\u00e1dzkovate\u013ea, vr\u00e1tane profilovania zalo\u017een\u00e9ho na t\u00fdchto ustanoveniach. Prev\u00e1dzkovate\u013e nesmie \u010falej sprac\u00fava\u0165 osobn\u00e9 \u00fadaje, ak nepreuk\u00e1\u017ee nevyhnutn\u00e9 opr\u00e1vnen\u00e9 z\u00e1ujmy na sprac\u00favanie osobn\u00fdch \u00fadajov, ktor\u00e9 preva\u017euj\u00fa nad pr\u00e1vami alebo z\u00e1ujmami dotknutej osoby, alebo d\u00f4vody na uplatnenie pr\u00e1vneho n\u00e1roku.<\/p>\n\n\n\n<p>Dotknut\u00e1 osoba m\u00e1 pr\u00e1vo namieta\u0165 sprac\u00favanie osobn\u00fdch \u00fadajov, ktor\u00e9 sa jej t\u00fdkaj\u00fa, na \u00fa\u010del priameho marketingu vr\u00e1tane profilovania v rozsahu, v akom s\u00favis\u00ed s priamym marketingom. Ak dotknut\u00e1 osoba namieta sprac\u00favanie osobn\u00fdch \u00fadajov na \u00fa\u010del priameho marketingu, prev\u00e1dzkovate\u013e \u010falej osobn\u00e9 \u00fadaje na \u00fa\u010del priameho marketingu nesmie sprac\u00fava\u0165.<\/p>\n\n\n\n<p>Dotknut\u00e1 osoba m\u00e1 pr\u00e1vo na to, aby sa na \u0148u nevz\u0165ahovalo rozhodnutie, ktor\u00e9 je zalo\u017een\u00e9 v\u00fdlu\u010dne na automatizovanom sprac\u00favan\u00ed osobn\u00fdch \u00fadajov vr\u00e1tane profilovania a ktor\u00e9 m\u00e1 pr\u00e1vne \u00fa\u010dinky, ktor\u00e9 sa jej t\u00fdkaj\u00fa alebo ju obdobne v\u00fdznamne ovplyv\u0148uj\u00fa pokia\u013e sa to net\u00fdka osobn\u00fdch \u00fadajov nevyhnutn\u00fdch na uzavretie zmluvy alebo plnenie zmluvy medzi dotknutou osobou a prev\u00e1dzkovate\u013eom.<\/p>\n\n\n\n<p>Dotknut\u00e1 osoba m\u00e1 pr\u00e1vo poda\u0165 podnet na \u0161etrenie v zmysle \u00a7100 z\u00e1kona \u010d. 18\/2018 Z.z. o ochrane osobn\u00fdch \u00fadajov v znen\u00ed neskor\u0161\u00edch predpisov pokia\u013e m\u00e1 podozrenie, \u017ee s jej osobn\u00fdmi \u00fadajmi je nakladan\u00e9 nez\u00e1konn\u00fdm sp\u00f4sobom alebo ak spracovan\u00edm jej osobn\u00fdch \u00fadajov alebo poru\u0161en\u00edm bezpe\u010dnosti spracovania do\u0161lo k poru\u0161eniu jej pr\u00e1v.<\/p>\n\n\n\n<p>Prev\u00e1dzkovate\u013e alebo sprostredkovate\u013e m\u00f4\u017ee za podmienok ustanoven\u00fdch osobitn\u00fdm predpisom alebo medzin\u00e1rodnou zmluvou, ktorou je Slovensk\u00e1 republika viazan\u00e1, obmedzi\u0165 rozsah povinnost\u00ed a pr\u00e1v ak je tak\u00e9 obmedzenie ustanoven\u00e9 s cie\u013eom zaisti\u0165:<\/p>\n\n\n\n<ul><li>bezpe\u010dnos\u0165 Slovenskej republiky,<\/li><li>obranu Slovenskej republiky,<\/li><li>verejn\u00fd poriadok,<\/li><li>plnenie \u00faloh na \u00fa\u010dely trestn\u00e9ho konania,<\/li><li>in\u00e9 d\u00f4le\u017eit\u00e9 ciele v\u0161eobecn\u00e9ho verejn\u00e9ho z\u00e1ujmu Eur\u00f3pskej \u00fanie alebo Slovenskej republiky, najm\u00e4 predmet d\u00f4le\u017eit\u00e9ho hospod\u00e1rskeho z\u00e1ujmu alebo d\u00f4le\u017eit\u00e9ho finan\u010dn\u00e9ho z\u00e1ujmu Eur\u00f3pskej \u00fanie alebo Slovenskej republiky vr\u00e1tane pe\u0148a\u017en\u00fdch, rozpo\u010dtov\u00fdch a da\u0148ov\u00fdch z\u00e1le\u017eitost\u00ed, verejn\u00e9ho zdravia alebo soci\u00e1lneho zabezpe\u010denia,<\/li><li>ochranu nez\u00e1vislosti s\u00fadnictva a s\u00fadnych konan\u00ed,<\/li><li>predch\u00e1dzanie poru\u0161eniu etiky v regulovan\u00fdch povolaniach alebo regulovan\u00fdch odborn\u00fdch \u010dinnostiach,<\/li><li>monitorovaciu funkciu, kontroln\u00fa funkciu alebo regula\u010dn\u00fa funkciu spojen\u00fa s v\u00fdkonom verejnej moci,<\/li><li>ochranu pr\u00e1v dotknutej osoby alebo in\u00fdch os\u00f4b,<\/li><li>uplatnenie pr\u00e1vneho n\u00e1roku,<\/li><li>hospod\u00e1rsku mobiliz\u00e1ciu.<\/li><\/ul>\n\n\n\n<div style=\"height:47px\" aria-hidden=\"true\" class=\"wp-block-spacer\"><\/div>\n\n\n\n<h4>6. Kontaktn\u00e9 \u00fadaje<\/h4>\n\n\n\n<p>Ak m\u00e1te ak\u00e9ko\u013evek \u010fal\u0161ie ot\u00e1zky t\u00fdkaj\u00face sa spracovania va\u0161ich osobn\u00fdch \u00fadajov, m\u00f4\u017eete n\u00e1s kontaktova\u0165\u030c prostredn\u00edctvom na\u0161ej zodpovednej osoby za doh\u013ead nad ochranou osobn\u00fdch \u00fadajov a to e-mailom zaslan\u00edm na adresu: <a href=\"mailto:info@ostrovzitny.sk\">info@ostrovzitny.sk <\/a>.<\/p>\n","protected":false},"excerpt":{"rendered":"<p>1. V\u0161eobecn\u00e9 ustanovenia Prev\u00e1dzkovate\u013eom web str\u00e1nky www.kdeco.sk je neziskov\u00e1 organiz\u00e1cia: Oblastn\u00e1 organiz\u00e1cia cestovn\u00e9ho ruchu \u017ditn\u00fd ostrov \u2013 Csall\u00f3k\u00f6z so s\u00eddlom: Promen\u00e1dna 3221\/20, 932 01 Ve\u013ek\u00fd Meder, I\u010cO: 42 288 967, registr\u00e1cia: Ministerstvo dopravy a v\u00fdstavby Slovenskej republiky, sekcia cestovn\u00e9ho ruchu, registra\u010dn\u00e9 \u010d\u00edslo: 09385\/2012\/SCR ( \u010falej len ako \u201e Prev\u00e1dzkovate\u013e \u201c). Prev\u00e1dzkovate\u013e zhroma\u017e\u010fuje, spracov\u00e1va a pou\u017e\u00edva [&hellip;]<\/p>\n","protected":false},"author":1,"featured_media":0,"parent":0,"menu_order":0,"comment_status":"closed","ping_status":"open","template":"","meta":{"_monsterinsights_skip_tracking":false,"_monsterinsights_sitenote_active":false,"_monsterinsights_sitenote_note":"","_monsterinsights_sitenote_category":0},"_links":{"self":[{"href":"https:\/\/kdeco.sk\/api\/wp\/v2\/pages\/31549"}],"collection":[{"href":"https:\/\/kdeco.sk\/api\/wp\/v2\/pages"}],"about":[{"href":"https:\/\/kdeco.sk\/api\/wp\/v2\/types\/page"}],"author":[{"embeddable":true,"href":"https:\/\/kdeco.sk\/api\/wp\/v2\/users\/1"}],"replies":[{"embeddable":true,"href":"https:\/\/kdeco.sk\/api\/wp\/v2\/comments?post=31549"}],"version-history":[{"count":1,"href":"https:\/\/kdeco.sk\/api\/wp\/v2\/pages\/31549\/revisions"}],"predecessor-version":[{"id":31550,"href":"https:\/\/kdeco.sk\/api\/wp\/v2\/pages\/31549\/revisions\/31550"}],"wp:attachment":[{"href":"https:\/\/kdeco.sk\/api\/wp\/v2\/media?parent=31549"}],"curies":[{"name":"wp","href":"https:\/\/api.w.org\/{rel}","templated":true}]}}